{"id":5534,"date":"2024-07-19T12:35:06","date_gmt":"2024-07-19T10:35:06","guid":{"rendered":"https:\/\/www.strakvlak.nl\/mieten\/"},"modified":"2025-10-06T14:15:21","modified_gmt":"2025-10-06T12:15:21","slug":"mieten","status":"publish","type":"page","link":"https:\/\/www.strakvlak.nl\/at\/mieten\/","title":{"rendered":"Mieten"},"content":{"rendered":"\n<div class=\"wp-block-uagb-container uagb-block-2d7c8bc9 alignfull uagb-is-root-container\"><div class=\"uagb-container-inner-blocks-wrap\">\n<div class=\"wp-block-uagb-container uagb-block-1c96f7db\">\n<div class=\"wp-block-group is-layout-constrained wp-block-group-is-layout-constrained\">\n<div class=\"wp-block-group is-layout-constrained wp-block-group-is-layout-constrained\">\n<div class=\"wp-block-group is-layout-constrained wp-block-group-is-layout-constrained\">\n<h1 class=\"wp-block-heading has-text-align-left has-ast-global-color-0-color has-text-color\" style=\"margin-top:0px;margin-right:0;margin-bottom:0px;margin-left:0;padding-top:0rem;padding-bottom:0rem;font-size:28px\">STRAKVLAK PLANIERHOBEL MIETEN<\/h1>\n\n\n\n<div style=\"height:0px\" aria-hidden=\"true\" class=\"wp-block-spacer\"><\/div>\n\n\n\n<p class=\"has-ast-global-color-8-color has-text-color has-link-color wp-elements-00f2c1f8e884dca53f192f13c727b76a\">Planierhobel mieten? Brauchen Sie den Strakvlak nur ein paar Tage? Oder m\u00f6chten Sie die Planierhobel zun\u00e4chst ausf\u00fchrlich testen, bevor Sie einen Kauf t\u00e4tigen? Visser &amp; Visser bietet den Strakvlak zur Miete an. Die Planierhobel kann direkt bei uns in Breda abgeholt werden. Eine Zustellung ist bei Vermietung leider nicht m\u00f6glich.<\/p>\n\n\n\n<p>Sie k\u00f6nnen einen Strakvlak Planierhobel w\u00f6chentlich mieten, aber auch f\u00fcr ein oder zwei Tage. In diesem Fall gelten angepasste Tarife.<\/p>\n<\/div>\n<\/div>\n<\/div>\n\n\n\n<div class=\"wp-block-group is-layout-constrained wp-block-group-is-layout-constrained\">\n<div class=\"wp-block-group is-layout-constrained wp-block-group-is-layout-constrained\">\n<h2 class=\"wp-block-heading has-text-align-left has-ast-global-color-0-color has-text-color\" style=\"margin-top:0px;margin-right:0;margin-bottom:0px;margin-left:0;padding-top:0rem;padding-bottom:0rem;font-size:21px\">PLANIERHOBEL MIETEN IN 3 EINFACHEN SCHRITTEN<\/h2>\n\n\n\n<div class=\"wp-block-group is-layout-constrained wp-block-group-is-layout-constrained\">\n<div style=\"height:0px\" aria-hidden=\"true\" class=\"wp-block-spacer\"><\/div>\n\n\n\n<div class=\"wp-block-uagb-icon-list uagb-block-a10c8c26\"><div class=\"uagb-icon-list__wrap\">\n<div class=\"wp-block-uagb-icon-list-child uagb-block-e0b59bc5\"><span class=\"uagb-icon-list__source-wrap\"><svg xmlns=\"https:\/\/www.w3.org\/2000\/svg\" viewBox=\"0 0 256 512\"><path d=\"M256 448c0 17.67-14.33 32-32 32H32c-17.67 0-32-14.33-32-32s14.33-32 32-32h64V123.8L49.75 154.6C35.02 164.5 15.19 160.4 5.375 145.8C-4.422 131.1-.4531 111.2 14.25 101.4l96-64c9.828-6.547 22.45-7.187 32.84-1.594C153.5 41.37 160 52.22 160 64.01v352h64C241.7 416 256 430.3 256 448z\"><\/path><\/svg><\/span><span class=\"uagb-icon-list__label\"><strong>F\u00fcllen Sie das Antragsformular aus.<\/strong><\/span><\/div>\n\n\n\n<div class=\"wp-block-uagb-icon-list-child uagb-block-5cad3574\"><span class=\"uagb-icon-list__source-wrap\"><svg xmlns=\"https:\/\/www.w3.org\/2000\/svg\" viewBox=\"0 0 320 512\"><path d=\"M320 448c0 17.67-14.33 32-32 32H32c-13.08 0-24.83-7.953-29.7-20.09c-4.859-12.12-1.859-26 7.594-35.03l193.6-185.1c31.36-30.17 33.95-80 5.812-113.4c-14.91-17.69-35.86-28.12-58.97-29.38C127.4 95.83 105.3 103.9 88.53 119.9L53.52 151.7c-13.08 11.91-33.33 10.89-45.2-2.172C-3.563 136.5-2.594 116.2 10.48 104.3l34.45-31.3c28.67-27.34 68.39-42.11 108.9-39.88c40.33 2.188 78.39 21.16 104.4 52.03c49.8 59.05 45.2 147.3-10.45 200.8l-136 130H288C305.7 416 320 430.3 320 448z\"><\/path><\/svg><\/span><span class=\"uagb-icon-list__label\"><strong>Wir best\u00e4tigen Ihre Anfrage<\/strong> und stellen Ihnen die weiteren Details zur Verf\u00fcgung.<\/span><\/div>\n\n\n\n<div class=\"wp-block-uagb-icon-list-child uagb-block-fe2c57b3\"><span class=\"uagb-icon-list__source-wrap\"><svg xmlns=\"https:\/\/www.w3.org\/2000\/svg\" viewBox=\"0 0 320 512\"><path d=\"M320 344c0 74.98-61.02 136-136 136H103.6c-46.34 0-87.31-29.53-101.1-73.48c-5.594-16.77 3.484-34.88 20.25-40.47c16.75-5.609 34.89 3.484 40.47 20.25c5.922 17.77 22.48 29.7 41.23 29.7H184c39.7 0 72-32.3 72-72s-32.3-72-72-72H80c-13.2 0-25.05-8.094-29.83-20.41C45.39 239.3 48.66 225.3 58.38 216.4l131.4-120.4H32c-17.67 0-32-14.33-32-32s14.33-32 32-32h240c13.2 0 25.05 8.094 29.83 20.41c4.781 12.3 1.516 26.27-8.203 35.19l-131.4 120.4H184C258.1 208 320 269 320 344z\"><\/path><\/svg><\/span><span class=\"uagb-icon-list__label\"><strong>Holen Sie den Strakvlak bei Visser &amp; Visser<\/strong> ab und genie\u00dfen Sie den Komfort!<\/span><\/div>\n<\/div><\/div>\n<\/div>\n<\/div>\n<\/div>\n\n\n\n<div class=\"wp-block-group is-layout-constrained wp-block-group-is-layout-constrained\">\n<h2 class=\"wp-block-heading has-text-align-left has-ast-global-color-0-color has-text-color\" style=\"margin-top:0px;margin-right:0;margin-bottom:0px;margin-left:0;padding-top:0rem;padding-bottom:0rem;font-size:21px\">PREISLISTE F\u00dcR MIETEN<\/h2>\n\n\n\n<div style=\"height:0px\" aria-hidden=\"true\" class=\"wp-block-spacer\"><\/div>\n\n\n\n<figure class=\"wp-block-table is-style-regular has-medium-font-size\"><table class=\"has-ast-global-color-8-color has-text-color has-link-color\"><thead><tr><th class=\"has-text-align-left\" data-align=\"left\">TYP STRAKVLAK<\/th><th class=\"has-text-align-left\" data-align=\"left\">WEEKPREIS<\/th><\/tr><\/thead><tbody><tr><td class=\"has-text-align-left\" data-align=\"left\"><strong>STRAKVLAK<\/strong> typ III 70 &#8211; 120 cm komplett<\/td><td class=\"has-text-align-left\" data-align=\"left\">\u20ac 110,00<\/td><\/tr><tr><td class=\"has-text-align-left\" data-align=\"left\"><strong>STRAKVLAK<\/strong> typ IV 117 &#8211; 210 cm komplett<\/td><td class=\"has-text-align-left\" data-align=\"left\">\u20ac 110,00<\/td><\/tr><tr><td class=\"has-text-align-left\" data-align=\"left\"><strong>STRAKVLAK<\/strong> typ DUO 210 &#8211; 303 cm komplett<\/td><td class=\"has-text-align-left\" data-align=\"left\">\u20ac 110,00<\/td><\/tr><\/tbody><\/table><figcaption class=\"wp-element-caption\">1 Tag Miete 40%, 2 Tage Miete 80% des Wochenpreises*<br>Bitte kontaktieren Sie uns f\u00fcr die Bedingungen.<\/figcaption><\/figure>\n<\/div>\n\n\n\n<div style=\"height:190px\" aria-hidden=\"true\" class=\"wp-block-spacer uag-hide-mob\"><\/div>\n<\/div>\n\n\n\n<div id=\"aanvraag-formulier\" class=\"wp-block-uagb-container uagb-block-30edc4d2\">\n<div class=\"wp-block-group is-layout-constrained wp-block-group-is-layout-constrained\"><script>\nvar gform;gform||(document.addEventListener(\"gform_main_scripts_loaded\",function(){gform.scriptsLoaded=!0}),document.addEventListener(\"gform\/theme\/scripts_loaded\",function(){gform.themeScriptsLoaded=!0}),window.addEventListener(\"DOMContentLoaded\",function(){gform.domLoaded=!0}),gform={domLoaded:!1,scriptsLoaded:!1,themeScriptsLoaded:!1,isFormEditor:()=>\"function\"==typeof InitializeEditor,callIfLoaded:function(o){return!(!gform.domLoaded||!gform.scriptsLoaded||!gform.themeScriptsLoaded&&!gform.isFormEditor()||(gform.isFormEditor()&&console.warn(\"The use of gform.initializeOnLoaded() is deprecated in the form editor context and will be removed in Gravity Forms 3.1.\"),o(),0))},initializeOnLoaded:function(o){gform.callIfLoaded(o)||(document.addEventListener(\"gform_main_scripts_loaded\",()=>{gform.scriptsLoaded=!0,gform.callIfLoaded(o)}),document.addEventListener(\"gform\/theme\/scripts_loaded\",()=>{gform.themeScriptsLoaded=!0,gform.callIfLoaded(o)}),window.addEventListener(\"DOMContentLoaded\",()=>{gform.domLoaded=!0,gform.callIfLoaded(o)}))},hooks:{action:{},filter:{}},addAction:function(o,r,e,t){gform.addHook(\"action\",o,r,e,t)},addFilter:function(o,r,e,t){gform.addHook(\"filter\",o,r,e,t)},doAction:function(o){gform.doHook(\"action\",o,arguments)},applyFilters:function(o){return gform.doHook(\"filter\",o,arguments)},removeAction:function(o,r){gform.removeHook(\"action\",o,r)},removeFilter:function(o,r,e){gform.removeHook(\"filter\",o,r,e)},addHook:function(o,r,e,t,n){null==gform.hooks[o][r]&&(gform.hooks[o][r]=[]);var d=gform.hooks[o][r];null==n&&(n=r+\"_\"+d.length),gform.hooks[o][r].push({tag:n,callable:e,priority:t=null==t?10:t})},doHook:function(r,o,e){var t;if(e=Array.prototype.slice.call(e,1),null!=gform.hooks[r][o]&&((o=gform.hooks[r][o]).sort(function(o,r){return o.priority-r.priority}),o.forEach(function(o){\"function\"!=typeof(t=o.callable)&&(t=window[t]),\"action\"==r?t.apply(null,e):e[0]=t.apply(null,e)})),\"filter\"==r)return e[0]},removeHook:function(o,r,t,n){var e;null!=gform.hooks[o][r]&&(e=(e=gform.hooks[o][r]).filter(function(o,r,e){return!!(null!=n&&n!=o.tag||null!=t&&t!=o.priority)}),gform.hooks[o][r]=e)}});\n<\/script>\n\n                <div class='gf_browser_gecko gform_wrapper gravity-theme gform-theme--no-framework' data-form-theme='gravity-theme' data-form-index='0' id='gform_wrapper_10' >\n                        <div class='gform_heading'>\n                            <h2 class=\"gform_title\">Antragsformular &#8211; Vermietung<\/h2>\n                            <p class='gform_description'><\/p>\n\t\t\t\t\t\t\t<p class='gform_required_legend'>&quot;<span class=\"gfield_required gfield_required_asterisk\">*<\/span>&quot; indicates required fields<\/p>\n                        <\/div><form method='post' enctype='multipart\/form-data'  id='gform_10'  action='\/at\/wp-json\/wp\/v2\/pages\/5534' data-formid='10' novalidate>\n                        <div class='gform-body gform_body'><div id='gform_fields_10' class='gform_fields top_label form_sublabel_below description_below validation_below'><fieldset id=\"field_10_1\" class=\"gfield gfield--type-name gfield--input-type-name gfield_contains_required field_sublabel_hidden_label gfield--no-description field_description_below hidden_label field_validation_below gfield_visibility_visible\"  ><legend class='gfield_label gform-field-label gfield_label_before_complex' >Naam<span class=\"gfield_required\"><span class=\"gfield_required gfield_required_asterisk\">*<\/span><\/span><\/legend><div class='ginput_complex ginput_container ginput_container--name no_prefix has_first_name no_middle_name has_last_name no_suffix gf_name_has_2 ginput_container_name gform-grid-row' id='input_10_1'>\n                            \n                            <span id='input_10_1_3_container' class='name_first gform-grid-col gform-grid-col--size-auto' >\n                                                    <input type='text' name='input_1.3' id='input_10_1_3' value=''   aria-required='true'   placeholder='Vorname*'  \/>\n                                                    <label for='input_10_1_3' class='gform-field-label gform-field-label--type-sub hidden_sub_label screen-reader-text'>First<\/label>\n                                                <\/span>\n                            \n                            <span id='input_10_1_6_container' class='name_last gform-grid-col gform-grid-col--size-auto' >\n                                                    <input type='text' name='input_1.6' id='input_10_1_6' value=''   aria-required='true'   placeholder='Nachname*'  \/>\n                                                    <label for='input_10_1_6' class='gform-field-label gform-field-label--type-sub hidden_sub_label screen-reader-text'>Last<\/label>\n                                                <\/span>\n                            \n                        <\/div><\/fieldset><div id=\"field_10_3\" class=\"gfield gfield--type-email gfield--input-type-email gfield--width-full gfield_contains_required field_sublabel_below gfield--no-description field_description_below hidden_label field_validation_below gfield_visibility_visible\"  ><label class='gfield_label gform-field-label' for='input_10_3'>E-mailadres<span class=\"gfield_required\"><span class=\"gfield_required gfield_required_asterisk\">*<\/span><\/span><\/label><div class='ginput_container ginput_container_email'>\n                            <input name='input_3' id='input_10_3' type='email' value='' class='large'   placeholder='E-Mail-Adresse*' aria-required=\"true\" aria-invalid=\"false\"  \/>\n                        <\/div><\/div><div id=\"field_10_4\" class=\"gfield gfield--type-phone gfield--input-type-phone gfield--width-full gfield_contains_required field_sublabel_below gfield--no-description field_description_below hidden_label field_validation_below gfield_visibility_visible\"  ><label class='gfield_label gform-field-label' for='input_10_4'>Telefoonnummer<span class=\"gfield_required\"><span class=\"gfield_required gfield_required_asterisk\">*<\/span><\/span><\/label><div class='ginput_container ginput_container_phone'><input name='input_4' id='input_10_4' type='tel' value='' class='large'  placeholder='Telefonnummer*' aria-required=\"true\" aria-invalid=\"false\"   \/><\/div><\/div><div id=\"field_10_5\" class=\"gfield gfield--type-text gfield--input-type-text gfield--width-full gfield_contains_required field_sublabel_below gfield--no-description field_description_below hidden_label field_validation_below gfield_visibility_visible\"  ><label class='gfield_label gform-field-label' for='input_10_5'>Postcode<span class=\"gfield_required\"><span class=\"gfield_required gfield_required_asterisk\">*<\/span><\/span><\/label><div class='ginput_container ginput_container_text'><input name='input_5' id='input_10_5' type='text' value='' class='large'    placeholder='Postleitzahl*' aria-required=\"true\" aria-invalid=\"false\"   \/><\/div><\/div><fieldset id=\"field_10_10\" class=\"gfield gfield--type-checkbox gfield--type-choice gfield--input-type-checkbox gfield--width-full gfield_contains_required field_sublabel_below gfield--no-description field_description_below field_validation_below gfield_visibility_visible\"  ><legend class='gfield_label gform-field-label gfield_label_before_complex' >Welchen Typ m\u00f6chten Sie mieten?<span class=\"gfield_required\"><span class=\"gfield_required gfield_required_asterisk\">*<\/span><\/span><\/legend><div class='ginput_container ginput_container_checkbox'><div class='gfield_checkbox ' id='input_10_10'><div class='gchoice gchoice_10_10_1'>\n\t\t\t\t\t\t\t\t<input class='gfield-choice-input' name='input_10.1' type='checkbox'  value='Strakvlak III DV | 70-120cm'  id='choice_10_10_1'   \/>\n\t\t\t\t\t\t\t\t<label for='choice_10_10_1' id='label_10_10_1' class='gform-field-label gform-field-label--type-inline'>Strakvlak III DV | 70-120cm<\/label>\n\t\t\t\t\t\t\t<\/div><div class='gchoice gchoice_10_10_2'>\n\t\t\t\t\t\t\t\t<input class='gfield-choice-input' name='input_10.2' type='checkbox'  value='Strakvlak IV DV | 117-210cm'  id='choice_10_10_2'   \/>\n\t\t\t\t\t\t\t\t<label for='choice_10_10_2' id='label_10_10_2' class='gform-field-label gform-field-label--type-inline'>Strakvlak IV DV | 117-210cm<\/label>\n\t\t\t\t\t\t\t<\/div><div class='gchoice gchoice_10_10_3'>\n\t\t\t\t\t\t\t\t<input class='gfield-choice-input' name='input_10.3' type='checkbox'  value='Strakvlak VII DUO | 210-303cm'  id='choice_10_10_3'   \/>\n\t\t\t\t\t\t\t\t<label for='choice_10_10_3' id='label_10_10_3' class='gform-field-label gform-field-label--type-inline'>Strakvlak VII DUO | 210-303cm<\/label>\n\t\t\t\t\t\t\t<\/div><\/div><\/div><\/fieldset><div id=\"field_10_12\" class=\"gfield gfield--type-date gfield--input-type-date gfield--input-type-datepicker gfield--datepicker-no-icon gfield--width-full gfield_contains_required field_sublabel_below gfield--no-description field_description_below field_validation_below gfield_visibility_visible\"  ><label class='gfield_label gform-field-label' for='input_10_12'>Ab wann m\u00f6chten Sie diesen mieten?<span class=\"gfield_required\"><span class=\"gfield_required gfield_required_asterisk\">*<\/span><\/span><\/label><div class='ginput_container ginput_container_date'>\n                            <input name='input_12' id='input_10_12' type='text' value='' class='datepicker gform-datepicker dmy datepicker_no_icon gdatepicker-no-icon'   placeholder='dd\/mm\/yyyy' aria-describedby=\"input_10_12_date_format\" aria-invalid=\"false\" aria-required=\"true\"\/>\n                            <span id='input_10_12_date_format' class='screen-reader-text'>DD slash MM slash YYYY<\/span>\n                        <\/div>\n                        <input type='hidden' id='gforms_calendar_icon_input_10_12' class='gform_hidden' value='https:\/\/www.strakvlak.nl\/wp-content\/plugins\/gravityforms\/images\/datepicker\/datepicker.svg'\/><\/div><div id=\"field_10_13\" class=\"gfield gfield--type-date gfield--input-type-date gfield--input-type-datepicker gfield--datepicker-no-icon gfield--width-full gfield_contains_required field_sublabel_below gfield--no-description field_description_below field_validation_below gfield_visibility_visible\"  ><label class='gfield_label gform-field-label' for='input_10_13'>Bis wann m\u00f6chten Sie diesen mieten?<span class=\"gfield_required\"><span class=\"gfield_required gfield_required_asterisk\">*<\/span><\/span><\/label><div class='ginput_container ginput_container_date'>\n                            <input name='input_13' id='input_10_13' type='text' value='' class='datepicker gform-datepicker dmy datepicker_no_icon gdatepicker-no-icon'   placeholder='dd\/mm\/yyyy' aria-describedby=\"input_10_13_date_format\" aria-invalid=\"false\" aria-required=\"true\"\/>\n                            <span id='input_10_13_date_format' class='screen-reader-text'>DD slash MM slash YYYY<\/span>\n                        <\/div>\n                        <input type='hidden' id='gforms_calendar_icon_input_10_13' class='gform_hidden' value='https:\/\/www.strakvlak.nl\/wp-content\/plugins\/gravityforms\/images\/datepicker\/datepicker.svg'\/><\/div><div id=\"field_10_6\" class=\"gfield gfield--type-textarea gfield--input-type-textarea gfield--width-full field_sublabel_below gfield--no-description field_description_below field_validation_below gfield_visibility_visible\"  ><label class='gfield_label gform-field-label' for='input_10_6'>Bemerkungen<\/label><div class='ginput_container ginput_container_textarea'><textarea name='input_6' id='input_10_6' class='textarea small'    placeholder='Bemerkungen'  aria-invalid=\"false\"   rows='10' cols='50'><\/textarea><\/div><\/div><\/div><\/div>\n        <div class='gform-footer gform_footer top_label'> <div class=\"wp-block-button\"><button type=\"submit\" id=\"gform_submit_button_10\" class=\"gform_button button wp-block-button__link\" onclick=\"gform.submission.handleButtonClick(this);\" data-submission-type=\"submit\">Absenden<\/button><\/div> \n            <input type='hidden' class='gform_hidden' name='gform_submission_method' data-js='gform_submission_method_10' value='postback' \/>\n            <input type='hidden' class='gform_hidden' name='gform_theme' data-js='gform_theme_10' id='gform_theme_10' value='gravity-theme' \/>\n            <input type='hidden' class='gform_hidden' name='gform_style_settings' data-js='gform_style_settings_10' id='gform_style_settings_10' value='{&quot;inputPrimaryColor&quot;:&quot;#204ce5&quot;}' \/>\n            <input type='hidden' class='gform_hidden' name='is_submit_10' value='1' \/>\n            <input type='hidden' class='gform_hidden' name='gform_submit' value='10' \/>\n            \n            <input type='hidden' class='gform_hidden' name='gform_currency' data-currency='USD' value='+WQfTMR5SKOcPotzBrra8MZm6wY8CIjow1qL0ZC59b1BByRAWbhmzlBP1BsC7+WFwZYpMf9PXXNRCY3slDcLlmuqupEXR5PRu896EH6qhMar6cg=' \/>\n            <input type='hidden' class='gform_hidden' name='gform_unique_id' value='' \/>\n            <input type='hidden' class='gform_hidden' name='state_10' value='WyJ7XCIxMC4xXCI6XCI2ZGNmNGY2MTNmZWNiODA0YmFiMDgzNWY5MDE2Y2IyMVwiLFwiMTAuMlwiOlwiZWJlZTE1YTY5YzA3OGM5Y2FiMDU0YTgxNjBkODc1YjlcIixcIjEwLjNcIjpcIjcwNGZjMjAwNmZkNGZmNmQ3OTg5NjJlMzc1MzNiYmQwXCJ9IiwiMmEwYTJjNjM2YjYzMGY3ZTEyZWFlMGExNTE1ZjVmYWIiXQ==' \/>\n            <input type='hidden' autocomplete='off' class='gform_hidden' name='gform_target_page_number_10' id='gform_target_page_number_10' value='0' \/>\n            <input type='hidden' autocomplete='off' class='gform_hidden' name='gform_source_page_number_10' id='gform_source_page_number_10' value='1' \/>\n            <input type='hidden' name='gform_field_values' value='' \/>\n            \n        <\/div>\n                        <p style=\"display: none !important;\" class=\"akismet-fields-container\" data-prefix=\"ak_\"><label>&#916;<textarea name=\"ak_hp_textarea\" cols=\"45\" rows=\"8\" maxlength=\"100\"><\/textarea><\/label><input type=\"hidden\" id=\"ak_js_1\" name=\"ak_js\" value=\"10\"\/><script>document.getElementById( \"ak_js_1\" ).setAttribute( \"value\", ( new Date() ).getTime() );<\/script><\/p><\/form>\n                        <\/div><script>\ngform.initializeOnLoaded( function() {gformInitSpinner( 10, 'https:\/\/www.strakvlak.nl\/wp-content\/plugins\/gravityforms\/images\/spinner.svg', true );jQuery('#gform_ajax_frame_10').on('load',function(){var contents = jQuery(this).contents().find('*').html();var is_postback = contents.indexOf('GF_AJAX_POSTBACK') >= 0;if(!is_postback){return;}var form_content = jQuery(this).contents().find('#gform_wrapper_10');var is_confirmation = jQuery(this).contents().find('#gform_confirmation_wrapper_10').length > 0;var is_redirect = contents.indexOf('gformRedirect(){') >= 0;var is_form = form_content.length > 0 && ! is_redirect && ! is_confirmation;var mt = parseInt(jQuery('html').css('margin-top'), 10) + parseInt(jQuery('body').css('margin-top'), 10) + 100;if(is_form){jQuery('#gform_wrapper_10').html(form_content.html());if(form_content.hasClass('gform_validation_error')){jQuery('#gform_wrapper_10').addClass('gform_validation_error');} else {jQuery('#gform_wrapper_10').removeClass('gform_validation_error');}setTimeout( function() { \/* delay the scroll by 50 milliseconds to fix a bug in chrome *\/  }, 50 );if(window['gformInitDatepicker']) {gformInitDatepicker();}if(window['gformInitPriceFields']) {gformInitPriceFields();}var current_page = jQuery('#gform_source_page_number_10').val();gformInitSpinner( 10, 'https:\/\/www.strakvlak.nl\/wp-content\/plugins\/gravityforms\/images\/spinner.svg', true );jQuery(document).trigger('gform_page_loaded', [10, current_page]);window['gf_submitting_10'] = false;}else if(!is_redirect){var confirmation_content = jQuery(this).contents().find('.GF_AJAX_POSTBACK').html();if(!confirmation_content){confirmation_content = contents;}jQuery('#gform_wrapper_10').replaceWith(confirmation_content);jQuery(document).trigger('gform_confirmation_loaded', [10]);window['gf_submitting_10'] = false;wp.a11y.speak(jQuery('#gform_confirmation_message_10').text());}else{jQuery('#gform_10').append(contents);if(window['gformRedirect']) {gformRedirect();}}jQuery(document).trigger(\"gform_pre_post_render\", [{ formId: \"10\", currentPage: \"current_page\", abort: function() { this.preventDefault(); } }]);        if (event && event.defaultPrevented) {                return;        }        const gformWrapperDiv = document.getElementById( \"gform_wrapper_10\" );        if ( gformWrapperDiv ) {            const visibilitySpan = document.createElement( \"span\" );            visibilitySpan.id = \"gform_visibility_test_10\";            gformWrapperDiv.insertAdjacentElement( \"afterend\", visibilitySpan );        }        const visibilityTestDiv = document.getElementById( \"gform_visibility_test_10\" );        let postRenderFired = false;        function triggerPostRender() {            if ( postRenderFired ) {                return;            }            postRenderFired = true;            gform.core.triggerPostRenderEvents( 10, current_page );            if ( visibilityTestDiv ) {                visibilityTestDiv.parentNode.removeChild( visibilityTestDiv );            }        }        function debounce( func, wait, immediate ) {            var timeout;            return function() {                var context = this, args = arguments;                var later = function() {                    timeout = null;                    if ( !immediate ) func.apply( context, args );                };                var callNow = immediate && !timeout;                clearTimeout( timeout );                timeout = setTimeout( later, wait );                if ( callNow ) func.apply( context, args );            };        }        const debouncedTriggerPostRender = debounce( function() {            triggerPostRender();        }, 200 );        if ( visibilityTestDiv && visibilityTestDiv.offsetParent === null ) {            const observer = new MutationObserver( ( mutations ) => {                mutations.forEach( ( mutation ) => {                    if ( mutation.type === 'attributes' && visibilityTestDiv.offsetParent !== null ) {                        debouncedTriggerPostRender();                        observer.disconnect();                    }                });            });            observer.observe( document.body, {                attributes: true,                childList: false,                subtree: true,                attributeFilter: [ 'style', 'class' ],            });        } else {            triggerPostRender();        }    } );} );\n<\/script>\n\n\n\n<p class=\"has-ast-global-color-1-color has-text-color has-link-color wp-elements-39aa411a8a150f20ab86b3b2f7ddd330\">* Pflichtfelder<\/p>\n<\/div>\n<\/div>\n<\/div><\/div>\n\n\n\n<div class=\"wp-block-uagb-container uagb-block-ed0550fa alignwide uagb-is-root-container\">\n<div class=\"wp-block-uagb-container uagb-block-ccd56d0e\">\n<div class=\"wp-block-uagb-image uagb-block-296a93dc wp-block-uagb-image--layout-default wp-block-uagb-image--effect-static wp-block-uagb-image--align-none\"><figure class=\"wp-block-uagb-image__figure\"><img decoding=\"async\" srcset=\"https:\/\/www.strakvlak.nl\/wp-content\/uploads\/2024\/06\/s4634-1.jpg ,https:\/\/www.strakvlak.nl\/wp-content\/uploads\/2024\/06\/s4634-1.jpg 780w, https:\/\/www.strakvlak.nl\/wp-content\/uploads\/2024\/06\/s4634-1.jpg 360w\" sizes=\"auto, (max-width: 480px) 150px\" src=\"https:\/\/www.strakvlak.nl\/wp-content\/uploads\/2024\/06\/s4634-1.jpg\" alt=\"\" class=\"uag-image-3812\" width=\"800\" height=\"600\" title=\"s4634-1\" loading=\"lazy\" role=\"img\"\/><\/figure><\/div>\n\n\n\n<div class=\"wp-block-group is-layout-constrained wp-block-group-is-layout-constrained\">\n<div class=\"wp-block-group is-layout-constrained wp-block-group-is-layout-constrained\">\n<p class=\"has-text-align-center has-large-font-size\"><strong>STRAKVLAK III DV<\/strong> <strong>|<\/strong> 70- 120 cm<\/p>\n<\/div>\n\n\n\n<div class=\"wp-block-uagb-buttons uagb-buttons__outer-wrap uagb-btn__default-btn uagb-btn-tablet__default-btn uagb-btn-mobile__default-btn uagb-block-fc90c12a\"><div class=\"uagb-buttons__wrap uagb-buttons-layout-wrap \">\n<div class=\"wp-block-uagb-buttons-child uagb-buttons__outer-wrap uagb-block-a0da0cf6 wp-block-button\"><div class=\"uagb-button__wrapper\"><a class=\"uagb-buttons-repeater wp-block-button__link\" aria-label=\"\" href=\"#aanvraag-formulier\" rel=\"follow noopener\" target=\"_self\" role=\"button\"><div class=\"uagb-button__link\">JETZT MIETEN!<\/div><\/a><\/div><\/div>\n<\/div><\/div>\n\n\n\n<div style=\"height:0px\" aria-hidden=\"true\" class=\"wp-block-spacer\"><\/div>\n\n\n\n<p class=\"has-text-align-center has-ast-global-color-8-color has-text-color has-link-color has-medium-font-size wp-elements-faf4a3d0595a62388e3660d013ac94f3\">Dank des kompakten Planierblatts ist der Strakvlak III DV ideal f\u00fcr die grobe und effiziente Vorbearbeitung von Sandbetten.<\/p>\n<\/div>\n<\/div>\n\n\n\n<div class=\"wp-block-uagb-container uagb-block-9d92ac15\">\n<div class=\"wp-block-uagb-image uagb-block-88e33201 wp-block-uagb-image--layout-default wp-block-uagb-image--effect-static wp-block-uagb-image--align-none\"><figure class=\"wp-block-uagb-image__figure\"><img decoding=\"async\" srcset=\"https:\/\/www.strakvlak.nl\/wp-content\/uploads\/2024\/06\/s4635-2.jpg ,https:\/\/www.strakvlak.nl\/wp-content\/uploads\/2024\/06\/s4635-2.jpg 780w, https:\/\/www.strakvlak.nl\/wp-content\/uploads\/2024\/06\/s4635-2.jpg 360w\" sizes=\"auto, (max-width: 480px) 150px\" src=\"https:\/\/www.strakvlak.nl\/wp-content\/uploads\/2024\/06\/s4635-2.jpg\" alt=\"\" class=\"uag-image-3813\" width=\"800\" height=\"600\" title=\"s4635-2\" loading=\"lazy\" role=\"img\"\/><\/figure><\/div>\n\n\n\n<div class=\"wp-block-group is-layout-constrained wp-block-group-is-layout-constrained\">\n<div class=\"wp-block-group is-layout-constrained wp-block-group-is-layout-constrained\">\n<p class=\"has-text-align-center has-large-font-size\"><strong>STRAKVLAK IV DV<\/strong> <strong>| <\/strong>117 &#8211; 210 cm<\/p>\n<\/div>\n\n\n\n<div class=\"wp-block-uagb-buttons uagb-buttons__outer-wrap uagb-btn__default-btn uagb-btn-tablet__default-btn uagb-btn-mobile__default-btn uagb-block-f1ca4ac8\"><div class=\"uagb-buttons__wrap uagb-buttons-layout-wrap \">\n<div class=\"wp-block-uagb-buttons-child uagb-buttons__outer-wrap uagb-block-64b68816 wp-block-button\"><div class=\"uagb-button__wrapper\"><a class=\"uagb-buttons-repeater wp-block-button__link\" aria-label=\"\" href=\"#aanvraag-formulier\" rel=\"follow noopener\" target=\"_self\" role=\"button\"><div class=\"uagb-button__link\">JETZT MIETEN!<\/div><\/a><\/div><\/div>\n<\/div><\/div>\n\n\n\n<div style=\"height:0px\" aria-hidden=\"true\" class=\"wp-block-spacer\"><\/div>\n\n\n\n<p class=\"has-text-align-center has-ast-global-color-8-color has-text-color has-link-color has-medium-font-size wp-elements-cd920fb8e447cabea9f17d339afa1450\">Das beliebteste Modell in der Strakvlak-Familie, mit dem Sie m\u00fchelos super glatte Sandfl\u00e4chen schaffen.<\/p>\n<\/div>\n<\/div>\n\n\n\n<div class=\"wp-block-uagb-container uagb-block-7e23e7b7\">\n<div class=\"wp-block-uagb-image uagb-block-9a126e2a wp-block-uagb-image--layout-default wp-block-uagb-image--effect-static wp-block-uagb-image--align-none\"><figure class=\"wp-block-uagb-image__figure\"><img decoding=\"async\" srcset=\"https:\/\/www.strakvlak.nl\/wp-content\/uploads\/2024\/06\/s4640-1.jpg ,https:\/\/www.strakvlak.nl\/wp-content\/uploads\/2024\/06\/s4640-1.jpg 780w, https:\/\/www.strakvlak.nl\/wp-content\/uploads\/2024\/06\/s4640-1.jpg 360w\" sizes=\"auto, (max-width: 480px) 150px\" src=\"https:\/\/www.strakvlak.nl\/wp-content\/uploads\/2024\/06\/s4640-1.jpg\" alt=\"\" class=\"uag-image-3814\" width=\"800\" height=\"600\" title=\"s4640-1\" loading=\"lazy\" role=\"img\"\/><\/figure><\/div>\n\n\n\n<div class=\"wp-block-group is-layout-constrained wp-block-group-is-layout-constrained\">\n<div class=\"wp-block-group is-layout-constrained wp-block-group-is-layout-constrained\">\n<p class=\"has-text-align-center has-large-font-size\"><strong>STRAKVLAK VII DUO|<\/strong> 210 &#8211; 303 cm<\/p>\n<\/div>\n\n\n\n<div class=\"wp-block-uagb-buttons uagb-buttons__outer-wrap uagb-btn__default-btn uagb-btn-tablet__default-btn uagb-btn-mobile__default-btn uagb-block-1e7b1864\"><div class=\"uagb-buttons__wrap uagb-buttons-layout-wrap \">\n<div class=\"wp-block-uagb-buttons-child uagb-buttons__outer-wrap uagb-block-463cd1dc wp-block-button\"><div class=\"uagb-button__wrapper\"><a class=\"uagb-buttons-repeater wp-block-button__link\" aria-label=\"\" href=\"#aanvraag-formulier\" rel=\"follow noopener\" target=\"_self\" role=\"button\"><div class=\"uagb-button__link\">JETZT MIETEN!<\/div><\/a><\/div><\/div>\n<\/div><\/div>\n\n\n\n<div style=\"height:0px\" aria-hidden=\"true\" class=\"wp-block-spacer\"><\/div>\n\n\n\n<p class=\"has-text-align-center has-ast-global-color-8-color has-text-color has-link-color has-medium-font-size wp-elements-fcfdc757b4d6f5558b686cb53faa755c\">Der Strakvlak VII DUO wird von zwei Personen bedient. Besonders geeignet f\u00fcr die effiziente Bearbeitung von breiten Schotterwegen und Radwegen.<\/p>\n<\/div>\n<\/div>\n<\/div>\n\n\n\n<div class=\"wp-block-uagb-container uagb-block-994f7c2a alignfull uagb-is-root-container\"><div class=\"uagb-container-inner-blocks-wrap\">\n<div class=\"wp-block-uagb-container uagb-block-0e48d2a6\">\n<div style=\"height:37px\" aria-hidden=\"true\" class=\"wp-block-spacer\"><\/div>\n\n\n\n<div class=\"wp-block-group is-layout-constrained wp-block-group-is-layout-constrained\">\n<h2 class=\"wp-block-heading has-text-align-left has-ast-global-color-0-color has-text-color\" style=\"margin-top:0px;margin-right:0;margin-bottom:0px;margin-left:0;padding-top:0rem;padding-bottom:0rem;font-size:21px\">STRAKVLAK PLANIERHOBEL MIETEN<\/h2>\n\n\n\n<div style=\"height:0px\" aria-hidden=\"true\" class=\"wp-block-spacer\"><\/div>\n\n\n\n<p class=\"has-ast-global-color-8-color has-text-color has-link-color wp-elements-64da0a9b47da664c403efce8eb01357b\">M\u00f6chten Sie eine breite Planierhobel mieten, entscheiden Sie sich f\u00fcr den von zwei Personen bedienten Strakvlak Duo, oder bevorzugen Sie den schmaleren Strakvlak III f\u00fcr die Vorbearbeitung? Unsere Abteilung Strakvlak Vermietung sorgt daf\u00fcr, dass immer ein aktueller und gut gewarteter Strakvlak f\u00fcr Sie bereitsteht.<\/p>\n\n\n\n<div class=\"wp-block-buttons is-layout-flex wp-block-buttons-is-layout-flex\">\n<div class=\"wp-block-button\"><a class=\"wp-block-button__link wp-element-button\" href=\"#aanvraag-formulier\">MIETE ANFRAGEN<\/a><\/div>\n<\/div>\n\n\n\n<div style=\"height:115px\" aria-hidden=\"true\" class=\"wp-block-spacer uag-hide-mob\"><\/div>\n<\/div>\n<\/div>\n\n\n\n<div class=\"wp-block-uagb-container uagb-block-7cdd3eb4\">\n<div style=\"height:10px\" aria-hidden=\"true\" class=\"wp-block-spacer\"><\/div>\n\n\n\n<div class=\"wp-block-group is-layout-constrained wp-block-group-is-layout-constrained\">\n<div class=\"wp-block-group is-layout-constrained wp-block-group-is-layout-constrained\">\n<h2 class=\"wp-block-heading has-text-align-left has-ast-global-color-0-color has-text-color\" style=\"margin-top:0px;margin-right:0;margin-bottom:0px;margin-left:0;padding-top:0rem;padding-bottom:0rem;font-size:21px\">KONTAKT<\/h2>\n\n\n\n<div style=\"height:0px\" aria-hidden=\"true\" class=\"wp-block-spacer\"><\/div>\n\n\n\n<p class=\"has-ast-global-color-8-color has-text-color has-link-color wp-elements-da31c0681416288e6b93704bb56ed11d\">Haben Sie noch Fragen zur Miete eines Strakvlak? Oder ben\u00f6tigen Sie Beratung zum Modell, das am besten zu Ihren Arbeiten passt? Kontaktieren Sie uns gerne. Das k\u00f6nnen Sie telefonisch, per E-Mail oder \u00fcber WhatsApp tun. Unser fachkundiges Team hilft Ihnen gerne weiter!<\/p>\n\n\n\n<div class=\"wp-block-uagb-icon-list uagb-block-6296f2c8\"><div class=\"uagb-icon-list__wrap\">\n<div class=\"wp-block-uagb-icon-list-child uagb-block-11cb6c7d\"><a target=\"_self\" aria-label=\"(076) 541 5073\" rel=\"noopener noreferrer\" href=\"tel:076-5415073\"> <\/a><span class=\"uagb-icon-list__source-wrap\"><svg xmlns=\"https:\/\/www.w3.org\/2000\/svg\" viewBox=\"0 0 512 512\"><path d=\"M511.2 387l-23.25 100.8c-3.266 14.25-15.79 24.22-30.46 24.22C205.2 512 0 306.8 0 54.5c0-14.66 9.969-27.2 24.22-30.45l100.8-23.25C139.7-2.602 154.7 5.018 160.8 18.92l46.52 108.5c5.438 12.78 1.77 27.67-8.98 36.45L144.5 207.1c33.98 69.22 90.26 125.5 159.5 159.5l44.08-53.8c8.688-10.78 23.69-14.51 36.47-8.975l108.5 46.51C506.1 357.2 514.6 372.4 511.2 387z\"><\/path><\/svg><\/span><span class=\"uagb-icon-list__label\">(076) 541 5073<\/span><\/div>\n\n\n\n<div class=\"wp-block-uagb-icon-list-child uagb-block-fee345b6\"><a target=\"_self\" aria-label=\"info@strakvlak.nl\" rel=\"noopener noreferrer\" href=\"mailto:info@strakvlak.nl\"> <\/a><span class=\"uagb-icon-list__source-wrap\"><svg xmlns=\"https:\/\/www.w3.org\/2000\/svg\" viewBox=\"0 0 512 512\"><path d=\"M493.6 163c-24.88-19.62-45.5-35.37-164.3-121.6C312.7 29.21 279.7 0 256.4 0H255.6C232.3 0 199.3 29.21 182.6 41.38c-118.8 86.25-139.4 101.1-164.3 121.6C6.75 172 0 186 0 200.8v263.2C0 490.5 21.49 512 48 512h416c26.51 0 48-21.49 48-47.1V200.8C512 186 505.3 172 493.6 163zM303.2 367.5C289.1 378.5 272.5 384 256 384s-33.06-5.484-47.16-16.47L64 254.9V208.5c21.16-16.59 46.48-35.66 156.4-115.5c3.18-2.328 6.891-5.187 10.98-8.353C236.9 80.44 247.8 71.97 256 66.84c8.207 5.131 19.14 13.6 24.61 17.84c4.09 3.166 7.801 6.027 11.15 8.478C400.9 172.5 426.6 191.7 448 208.5v46.32L303.2 367.5z\"><\/path><\/svg><\/span><span class=\"uagb-icon-list__label\">info@strakvlak.nl<\/span><\/div>\n\n\n\n<div class=\"wp-block-uagb-icon-list-child uagb-block-35bc4deb\"><a target=\"_blank\" aria-label=\"Stellen Sie Ihre Frage \u00fcber WhatsApp\" rel=\"noopener noreferrer\" href=\"https:\/\/api.whatsapp.com\/send\/?phone=%2B31622483605&amp;text&amp;type=phone_number&amp;app_absent=0\"> <\/a><span class=\"uagb-icon-list__source-wrap\"><svg xmlns=\"https:\/\/www.w3.org\/2000\/svg\" viewBox=\"0 0 448 512\"><path d=\"M380.9 97.1C339 55.1 283.2 32 223.9 32c-122.4 0-222 99.6-222 222 0 39.1 10.2 77.3 29.6 111L0 480l117.7-30.9c32.4 17.7 68.9 27 106.1 27h.1c122.3 0 224.1-99.6 224.1-222 0-59.3-25.2-115-67.1-157zm-157 341.6c-33.2 0-65.7-8.9-94-25.7l-6.7-4-69.8 18.3L72 359.2l-4.4-7c-18.5-29.4-28.2-63.3-28.2-98.2 0-101.7 82.8-184.5 184.6-184.5 49.3 0 95.6 19.2 130.4 54.1 34.8 34.9 56.2 81.2 56.1 130.5 0 101.8-84.9 184.6-186.6 184.6zm101.2-138.2c-5.5-2.8-32.8-16.2-37.9-18-5.1-1.9-8.8-2.8-12.5 2.8-3.7 5.6-14.3 18-17.6 21.8-3.2 3.7-6.5 4.2-12 1.4-32.6-16.3-54-29.1-75.5-66-5.7-9.8 5.7-9.1 16.3-30.3 1.8-3.7 .9-6.9-.5-9.7-1.4-2.8-12.5-30.1-17.1-41.2-4.5-10.8-9.1-9.3-12.5-9.5-3.2-.2-6.9-.2-10.6-.2-3.7 0-9.7 1.4-14.8 6.9-5.1 5.6-19.4 19-19.4 46.3 0 27.3 19.9 53.7 22.6 57.4 2.8 3.7 39.1 59.7 94.8 83.8 35.2 15.2 49 16.5 66.6 13.9 10.7-1.6 32.8-13.4 37.4-26.4 4.6-13 4.6-24.1 3.2-26.4-1.3-2.5-5-3.9-10.5-6.6z\"><\/path><\/svg><\/span><span class=\"uagb-icon-list__label\">Stellen Sie Ihre Frage \u00fcber WhatsApp<\/span><\/div>\n\n\n\n<div class=\"wp-block-uagb-icon-list-child uagb-block-c5e3b6a2\"><span class=\"uagb-icon-list__source-wrap\"><svg xmlns=\"https:\/\/www.w3.org\/2000\/svg\" viewBox=\"0 0 384 512\"><path d=\"M168.3 499.2C116.1 435 0 279.4 0 192C0 85.96 85.96 0 192 0C298 0 384 85.96 384 192C384 279.4 267 435 215.7 499.2C203.4 514.5 180.6 514.5 168.3 499.2H168.3zM192 256C227.3 256 256 227.3 256 192C256 156.7 227.3 128 192 128C156.7 128 128 156.7 128 192C128 227.3 156.7 256 192 256z\"><\/path><\/svg><\/span><span class=\"uagb-icon-list__label\">Veldsteen 25, 4815 PK te Breda<\/span><\/div>\n<\/div><\/div>\n<\/div>\n<\/div>\n\n\n\n<div style=\"height:0px\" aria-hidden=\"true\" class=\"wp-block-spacer\"><\/div>\n<\/div>\n<\/div><\/div>\n\n\n\n<div style=\"height:17px\" aria-hidden=\"true\" class=\"wp-block-spacer\"><\/div>\n","protected":false},"excerpt":{"rendered":"<p>STRAKVLAK PLANIERHOBEL MIETEN Planierhobel mieten? Brauchen Sie den Strakvlak nur ein paar Tage? Oder m\u00f6chten Sie die Planierhobel zun\u00e4chst ausf\u00fchrlich [&hellip;]<\/p>\n","protected":false},"author":14,"featured_media":0,"parent":0,"menu_order":0,"comment_status":"closed","ping_status":"closed","template":"","meta":{"_acf_changed":false,"_uag_custom_page_level_css":"","site-sidebar-layout":"default","site-content-layout":"","ast-site-content-layout":"default","site-content-style":"default","site-sidebar-style":"default","ast-global-header-display":"","ast-banner-title-visibility":"","ast-main-header-display":"","ast-hfb-above-header-display":"","ast-hfb-below-header-display":"","ast-hfb-mobile-header-display":"","site-post-title":"disabled","ast-breadcrumbs-content":"","ast-featured-img":"","footer-sml-layout":"","ast-disable-related-posts":"","theme-transparent-header-meta":"","adv-header-id-meta":"","stick-header-meta":"","header-above-stick-meta":"","header-main-stick-meta":"","header-below-stick-meta":"","astra-migrate-meta-layouts":"set","ast-page-background-enabled":"default","ast-page-background-meta":{"desktop":{"background-color":"var(--ast-global-color-4)","background-image":"","background-repeat":"repeat","background-position":"center center","background-size":"auto","background-attachment":"scroll","background-type":"","background-media":"","overlay-type":"","overlay-color":"","overlay-opacity":"","overlay-gradient":""},"tablet":{"background-color":"","background-image":"","background-repeat":"repeat","background-position":"center center","background-size":"auto","background-attachment":"scroll","background-type":"","background-media":"","overlay-type":"","overlay-color":"","overlay-opacity":"","overlay-gradient":""},"mobile":{"background-color":"","background-image":"","background-repeat":"repeat","background-position":"center center","background-size":"auto","background-attachment":"scroll","background-type":"","background-media":"","overlay-type":"","overlay-color":"","overlay-opacity":"","overlay-gradient":""}},"ast-content-background-meta":{"desktop":{"background-color":"var(--ast-global-color-5)","background-image":"","background-repeat":"repeat","background-position":"center center","background-size":"auto","background-attachment":"scroll","background-type":"","background-media":"","overlay-type":"","overlay-color":"","overlay-opacity":"","overlay-gradient":""},"tablet":{"background-color":"var(--ast-global-color-5)","background-image":"","background-repeat":"repeat","background-position":"center center","background-size":"auto","background-attachment":"scroll","background-type":"","background-media":"","overlay-type":"","overlay-color":"","overlay-opacity":"","overlay-gradient":""},"mobile":{"background-color":"var(--ast-global-color-5)","background-image":"","background-repeat":"repeat","background-position":"center center","background-size":"auto","background-attachment":"scroll","background-type":"","background-media":"","overlay-type":"","overlay-color":"","overlay-opacity":"","overlay-gradient":""}},"footnotes":""},"class_list":["post-5534","page","type-page","status-publish","hentry"],"acf":[],"yoast_head":"<!-- This site is optimized with the Yoast SEO plugin v27.3 - https:\/\/yoast.com\/product\/yoast-seo-wordpress\/ -->\n<title>Planierhobel Mieten - Strakvlak<\/title>\n<meta name=\"description\" content=\"Ein Planierhobel mieten? Die Strakvlak sind f\u00fcr kurze und lange Zeitr\u00e4ume zu mieten. Gut gewartete Strakvlakken und umfangreicher Bestand.\" \/>\n<meta name=\"robots\" content=\"index, follow, max-snippet:-1, max-image-preview:large, max-video-preview:-1\" \/>\n<link rel=\"canonical\" href=\"https:\/\/www.strakvlak.nl\/at\/mieten\/\" \/>\n<meta property=\"og:locale\" content=\"de_DE\" \/>\n<meta property=\"og:type\" content=\"article\" \/>\n<meta property=\"og:title\" content=\"Planierhobel Mieten - Strakvlak\" \/>\n<meta property=\"og:description\" content=\"Ein Planierhobel mieten? Die Strakvlak sind f\u00fcr kurze und lange Zeitr\u00e4ume zu mieten. Gut gewartete Strakvlakken und umfangreicher Bestand.\" \/>\n<meta property=\"og:url\" content=\"https:\/\/www.strakvlak.nl\/de\/mieten\/\" \/>\n<meta property=\"og:site_name\" content=\"Strakvlak\" \/>\n<meta property=\"article:modified_time\" content=\"2025-10-06T12:15:21+00:00\" \/>\n<meta property=\"og:image\" content=\"https:\/\/www.strakvlak.nl\/wp-content\/uploads\/2024\/06\/s4634-1.jpg\" \/>\n<meta name=\"twitter:card\" content=\"summary_large_image\" \/>\n<meta name=\"twitter:label1\" content=\"Gesch\u00e4tzte Lesezeit\" \/>\n\t<meta name=\"twitter:data1\" content=\"3 Minuten\" \/>\n<script type=\"application\/ld+json\" class=\"yoast-schema-graph\">{\"@context\":\"https:\\\/\\\/schema.org\",\"@graph\":[{\"@type\":\"WebPage\",\"@id\":\"https:\\\/\\\/www.strakvlak.nl\\\/at\\\/mieten\\\/\",\"url\":\"https:\\\/\\\/www.strakvlak.nl\\\/de\\\/mieten\\\/\",\"name\":\"Planierhobel Mieten - Strakvlak\",\"isPartOf\":{\"@id\":\"https:\\\/\\\/www.strakvlak.nl\\\/at\\\/#website\"},\"primaryImageOfPage\":{\"@id\":\"https:\\\/\\\/www.strakvlak.nl\\\/de\\\/mieten\\\/#primaryimage\"},\"image\":{\"@id\":\"https:\\\/\\\/www.strakvlak.nl\\\/de\\\/mieten\\\/#primaryimage\"},\"thumbnailUrl\":\"https:\\\/\\\/www.strakvlak.nl\\\/wp-content\\\/uploads\\\/2024\\\/06\\\/s4634-1.jpg\",\"datePublished\":\"2024-07-19T10:35:06+00:00\",\"dateModified\":\"2025-10-06T12:15:21+00:00\",\"description\":\"Ein Planierhobel mieten? Die Strakvlak sind f\u00fcr kurze und lange Zeitr\u00e4ume zu mieten. Gut gewartete Strakvlakken und umfangreicher Bestand.\",\"breadcrumb\":{\"@id\":\"https:\\\/\\\/www.strakvlak.nl\\\/de\\\/mieten\\\/#breadcrumb\"},\"inLanguage\":\"de-AT\",\"potentialAction\":[{\"@type\":\"ReadAction\",\"target\":[\"https:\\\/\\\/www.strakvlak.nl\\\/de\\\/mieten\\\/\"]}]},{\"@type\":\"ImageObject\",\"inLanguage\":\"de-AT\",\"@id\":\"https:\\\/\\\/www.strakvlak.nl\\\/de\\\/mieten\\\/#primaryimage\",\"url\":\"https:\\\/\\\/www.strakvlak.nl\\\/wp-content\\\/uploads\\\/2024\\\/06\\\/s4634-1.jpg\",\"contentUrl\":\"https:\\\/\\\/www.strakvlak.nl\\\/wp-content\\\/uploads\\\/2024\\\/06\\\/s4634-1.jpg\"},{\"@type\":\"BreadcrumbList\",\"@id\":\"https:\\\/\\\/www.strakvlak.nl\\\/de\\\/mieten\\\/#breadcrumb\",\"itemListElement\":[{\"@type\":\"ListItem\",\"position\":1,\"name\":\"Home\",\"item\":\"https:\\\/\\\/www.strakvlak.nl\\\/at\\\/\"},{\"@type\":\"ListItem\",\"position\":2,\"name\":\"Mieten\"}]},{\"@type\":\"WebSite\",\"@id\":\"https:\\\/\\\/www.strakvlak.nl\\\/at\\\/#website\",\"url\":\"https:\\\/\\\/www.strakvlak.nl\\\/at\\\/\",\"name\":\"Strakvlak\",\"description\":\"Egaliseren met gemak!\",\"publisher\":{\"@id\":\"https:\\\/\\\/www.strakvlak.nl\\\/at\\\/#organization\"},\"potentialAction\":[{\"@type\":\"SearchAction\",\"target\":{\"@type\":\"EntryPoint\",\"urlTemplate\":\"https:\\\/\\\/www.strakvlak.nl\\\/at\\\/?s={search_term_string}\"},\"query-input\":{\"@type\":\"PropertyValueSpecification\",\"valueRequired\":true,\"valueName\":\"search_term_string\"}}],\"inLanguage\":\"de-AT\"},{\"@type\":\"Organization\",\"@id\":\"https:\\\/\\\/www.strakvlak.nl\\\/at\\\/#organization\",\"name\":\"Strakvlak BV\",\"url\":\"https:\\\/\\\/www.strakvlak.nl\\\/at\\\/\",\"logo\":{\"@type\":\"ImageObject\",\"inLanguage\":\"de-AT\",\"@id\":\"https:\\\/\\\/www.strakvlak.nl\\\/at\\\/#\\\/schema\\\/logo\\\/image\\\/\",\"url\":\"https:\\\/\\\/www.strakvlak.nl\\\/wp-content\\\/uploads\\\/2017\\\/08\\\/strakvlak-egaliseerscchuif.png\",\"contentUrl\":\"https:\\\/\\\/www.strakvlak.nl\\\/wp-content\\\/uploads\\\/2017\\\/08\\\/strakvlak-egaliseerscchuif.png\",\"width\":333,\"height\":57,\"caption\":\"Strakvlak BV\"},\"image\":{\"@id\":\"https:\\\/\\\/www.strakvlak.nl\\\/at\\\/#\\\/schema\\\/logo\\\/image\\\/\"},\"sameAs\":[\"https:\\\/\\\/www.linkedin.com\\\/company\\\/visser-breda\\\/\",\"https:\\\/\\\/www.youtube.com\\\/user\\\/strakvlak39\"]}]}<\/script>\n<!-- \/ Yoast SEO plugin. -->","yoast_head_json":{"title":"Planierhobel Mieten - Strakvlak","description":"Ein Planierhobel mieten? Die Strakvlak sind f\u00fcr kurze und lange Zeitr\u00e4ume zu mieten. Gut gewartete Strakvlakken und umfangreicher Bestand.","robots":{"index":"index","follow":"follow","max-snippet":"max-snippet:-1","max-image-preview":"max-image-preview:large","max-video-preview":"max-video-preview:-1"},"canonical":"https:\/\/www.strakvlak.nl\/at\/mieten\/","og_locale":"de_DE","og_type":"article","og_title":"Planierhobel Mieten - Strakvlak","og_description":"Ein Planierhobel mieten? Die Strakvlak sind f\u00fcr kurze und lange Zeitr\u00e4ume zu mieten. Gut gewartete Strakvlakken und umfangreicher Bestand.","og_url":"https:\/\/www.strakvlak.nl\/de\/mieten\/","og_site_name":"Strakvlak","article_modified_time":"2025-10-06T12:15:21+00:00","og_image":[{"url":"https:\/\/www.strakvlak.nl\/wp-content\/uploads\/2024\/06\/s4634-1.jpg","type":"","width":"","height":""}],"twitter_card":"summary_large_image","twitter_misc":{"Gesch\u00e4tzte Lesezeit":"3 Minuten"},"schema":{"@context":"https:\/\/schema.org","@graph":[{"@type":"WebPage","@id":"https:\/\/www.strakvlak.nl\/at\/mieten\/","url":"https:\/\/www.strakvlak.nl\/de\/mieten\/","name":"Planierhobel Mieten - Strakvlak","isPartOf":{"@id":"https:\/\/www.strakvlak.nl\/at\/#website"},"primaryImageOfPage":{"@id":"https:\/\/www.strakvlak.nl\/de\/mieten\/#primaryimage"},"image":{"@id":"https:\/\/www.strakvlak.nl\/de\/mieten\/#primaryimage"},"thumbnailUrl":"https:\/\/www.strakvlak.nl\/wp-content\/uploads\/2024\/06\/s4634-1.jpg","datePublished":"2024-07-19T10:35:06+00:00","dateModified":"2025-10-06T12:15:21+00:00","description":"Ein Planierhobel mieten? Die Strakvlak sind f\u00fcr kurze und lange Zeitr\u00e4ume zu mieten. Gut gewartete Strakvlakken und umfangreicher Bestand.","breadcrumb":{"@id":"https:\/\/www.strakvlak.nl\/de\/mieten\/#breadcrumb"},"inLanguage":"de-AT","potentialAction":[{"@type":"ReadAction","target":["https:\/\/www.strakvlak.nl\/de\/mieten\/"]}]},{"@type":"ImageObject","inLanguage":"de-AT","@id":"https:\/\/www.strakvlak.nl\/de\/mieten\/#primaryimage","url":"https:\/\/www.strakvlak.nl\/wp-content\/uploads\/2024\/06\/s4634-1.jpg","contentUrl":"https:\/\/www.strakvlak.nl\/wp-content\/uploads\/2024\/06\/s4634-1.jpg"},{"@type":"BreadcrumbList","@id":"https:\/\/www.strakvlak.nl\/de\/mieten\/#breadcrumb","itemListElement":[{"@type":"ListItem","position":1,"name":"Home","item":"https:\/\/www.strakvlak.nl\/at\/"},{"@type":"ListItem","position":2,"name":"Mieten"}]},{"@type":"WebSite","@id":"https:\/\/www.strakvlak.nl\/at\/#website","url":"https:\/\/www.strakvlak.nl\/at\/","name":"Strakvlak","description":"Egaliseren met gemak!","publisher":{"@id":"https:\/\/www.strakvlak.nl\/at\/#organization"},"potentialAction":[{"@type":"SearchAction","target":{"@type":"EntryPoint","urlTemplate":"https:\/\/www.strakvlak.nl\/at\/?s={search_term_string}"},"query-input":{"@type":"PropertyValueSpecification","valueRequired":true,"valueName":"search_term_string"}}],"inLanguage":"de-AT"},{"@type":"Organization","@id":"https:\/\/www.strakvlak.nl\/at\/#organization","name":"Strakvlak BV","url":"https:\/\/www.strakvlak.nl\/at\/","logo":{"@type":"ImageObject","inLanguage":"de-AT","@id":"https:\/\/www.strakvlak.nl\/at\/#\/schema\/logo\/image\/","url":"https:\/\/www.strakvlak.nl\/wp-content\/uploads\/2017\/08\/strakvlak-egaliseerscchuif.png","contentUrl":"https:\/\/www.strakvlak.nl\/wp-content\/uploads\/2017\/08\/strakvlak-egaliseerscchuif.png","width":333,"height":57,"caption":"Strakvlak BV"},"image":{"@id":"https:\/\/www.strakvlak.nl\/at\/#\/schema\/logo\/image\/"},"sameAs":["https:\/\/www.linkedin.com\/company\/visser-breda\/","https:\/\/www.youtube.com\/user\/strakvlak39"]}]}},"uagb_featured_image_src":{"full":false,"thumbnail":false,"medium":false,"medium_large":false,"large":false,"1536x1536":false,"2048x2048":false,"gform-image-choice-sm":false,"gform-image-choice-md":false,"gform-image-choice-lg":false},"uagb_author_info":{"display_name":"Alex Smits","author_link":"https:\/\/www.strakvlak.nl\/at\/author\/alexsmits\/"},"uagb_comment_info":0,"uagb_excerpt":"STRAKVLAK PLANIERHOBEL MIETEN Planierhobel mieten? Brauchen Sie den Strakvlak nur ein paar Tage? Oder m\u00f6chten Sie die Planierhobel zun\u00e4chst ausf\u00fchrlich [&hellip;]","_links":{"self":[{"href":"https:\/\/www.strakvlak.nl\/at\/wp-json\/wp\/v2\/pages\/5534","targetHints":{"allow":["GET"]}}],"collection":[{"href":"https:\/\/www.strakvlak.nl\/at\/wp-json\/wp\/v2\/pages"}],"about":[{"href":"https:\/\/www.strakvlak.nl\/at\/wp-json\/wp\/v2\/types\/page"}],"author":[{"embeddable":true,"href":"https:\/\/www.strakvlak.nl\/at\/wp-json\/wp\/v2\/users\/14"}],"replies":[{"embeddable":true,"href":"https:\/\/www.strakvlak.nl\/at\/wp-json\/wp\/v2\/comments?post=5534"}],"version-history":[{"count":6,"href":"https:\/\/www.strakvlak.nl\/at\/wp-json\/wp\/v2\/pages\/5534\/revisions"}],"predecessor-version":[{"id":6945,"href":"https:\/\/www.strakvlak.nl\/at\/wp-json\/wp\/v2\/pages\/5534\/revisions\/6945"}],"wp:attachment":[{"href":"https:\/\/www.strakvlak.nl\/at\/wp-json\/wp\/v2\/media?parent=5534"}],"curies":[{"name":"wp","href":"https:\/\/api.w.org\/{rel}","templated":true}]}}