{"id":5864,"date":"2024-08-09T13:57:57","date_gmt":"2024-08-09T11:57:57","guid":{"rendered":"https:\/\/www.strakvlak.nl\/agenda-des-salons\/"},"modified":"2024-08-15T11:24:46","modified_gmt":"2024-08-15T09:24:46","slug":"agenda-des-salons","status":"publish","type":"page","link":"https:\/\/www.strakvlak.nl\/fr\/agenda-des-salons\/","title":{"rendered":"Agenda des salons"},"content":{"rendered":"\n<div style=\"height:17px\" aria-hidden=\"true\" class=\"wp-block-spacer\"><\/div>\n\n\n\n<div class=\"wp-block-uagb-container uagb-block-07c52fca alignfull uagb-is-root-container\"><div class=\"uagb-container-inner-blocks-wrap\">\n<div class=\"wp-block-group is-vertical is-layout-flex wp-container-core-group-is-layout-fe9cc265 wp-block-group-is-layout-flex\">\n<h1 class=\"wp-block-heading\">Agenda des salons Strakvlak<\/h1>\n\n\n\n<p class=\"has-medium-font-size\">Strakvlak participe chaque ann\u00e9e \u00e0 divers salons nationaux et internationaux. Vous trouverez ci-dessous un aper\u00e7u des salons \u00e0 venir.<\/p>\n<\/div>\n\n\n\n<div class=\"wp-block-uagb-separator uagb-block-f1c8ef89\"><div class=\"uagb-separator-spacing-wrapper\"><div class=\"wp-block-uagb-separator__inner\" style=\"--my-background-image:\"><\/div><\/div><\/div>\n<\/div><\/div>\n\n\n\n<div class=\"wp-block-uagb-container uagb-block-393a5704 alignfull uagb-is-root-container\"><div class=\"uagb-container-inner-blocks-wrap\">\n<div class=\"wp-block-uagb-container uagb-block-1f41f536\">\n<div class=\"wp-block-group is-layout-constrained wp-block-group-is-layout-constrained\">\n<h2 class=\"wp-block-heading\">GaLaBau 2024<\/h2>\n\n\n\n<p><strong>\u00c9v\u00e9nement : GaLaBau 2024 &#8211; R\u00e9servez la date !<\/strong><\/p>\n\n\n\n<h3 class=\"wp-block-heading\"><strong>Strakvlak au GaLaBau 2024<\/strong><\/h3>\n\n\n\n<p>Strakvlak sera pr\u00e9sent au GaLaBau 2024 pour pr\u00e9senter nos lames de nivellement. Venez d\u00e9couvrir nos solutions qui rendent le travail des paysagistes et des paveurs plus efficace et plus sain. Explorez les derni\u00e8res tendances et technologies et \u00e9tablissez des contacts pr\u00e9cieux dans l&rsquo;industrie.<\/p>\n\n\n\n<p><strong>Venez visiter notre stand<\/strong>:\r\n<strong>Dates<\/strong> : 11 \u2013 14 septembre 2024\r\n<strong>Lieu<\/strong> : Nuremberg, Allemagne\r\n<strong>Stand<\/strong> : HALL 5 &#8211; num\u00e9ro de stand 428<\/p>\n\n\n\n<div class=\"wp-block-buttons is-layout-flex wp-block-buttons-is-layout-flex\">\n<div class=\"wp-block-button\"><a class=\"wp-block-button__link wp-element-button\" href=\"https:\/\/www.galabau-messe.com\/de-de\" target=\"_blank\" rel=\"noreferrer noopener\">Visitez le site web<\/a><\/div>\n<\/div>\n<\/div>\n<\/div>\n\n\n\n<div class=\"wp-block-uagb-container uagb-block-4a46df21\">\n<figure class=\"wp-block-image size-full\"><img decoding=\"async\" width=\"480\" height=\"320\" src=\"https:\/\/www.strakvlak.nl\/wp-content\/uploads\/2024\/07\/Galabau-2024-Strakvlak.webp\" alt=\"GalaBau 2024 Strakvlak\" class=\"wp-image-5131\" srcset=\"https:\/\/www.strakvlak.nl\/wp-content\/uploads\/2024\/07\/Galabau-2024-Strakvlak.webp 480w, https:\/\/www.strakvlak.nl\/wp-content\/uploads\/2024\/07\/Galabau-2024-Strakvlak-300x200.webp 300w\" sizes=\"(max-width: 480px) 100vw, 480px\" \/><\/figure>\n<\/div>\n<\/div><\/div>\n\n\n\n<div class=\"wp-block-uagb-container uagb-block-1f74f8a1 alignfull uagb-is-root-container\"><div class=\"uagb-container-inner-blocks-wrap\">\n<div class=\"wp-block-uagb-separator uagb-block-fe89a3a6\"><div class=\"uagb-separator-spacing-wrapper\"><div class=\"wp-block-uagb-separator__inner\" style=\"--my-background-image:\"><\/div><\/div><\/div>\n<\/div><\/div>\n\n\n\n<div class=\"wp-block-uagb-container uagb-block-c2794b80 alignfull uagb-is-root-container\"><div class=\"uagb-container-inner-blocks-wrap\">\n<div class=\"wp-block-uagb-container uagb-block-56d8d12a\">\n<figure class=\"wp-block-image aligncenter size-full is-resized\"><img decoding=\"async\" width=\"600\" height=\"362\" src=\"https:\/\/www.strakvlak.nl\/wp-content\/uploads\/2024\/07\/Groene-sector-vakbeurs-strakvlak-2024.webp\" alt=\"Groene sector Salon professionnel\" class=\"wp-image-5143\" style=\"width:487px;height:auto\" srcset=\"https:\/\/www.strakvlak.nl\/wp-content\/uploads\/2024\/07\/Groene-sector-vakbeurs-strakvlak-2024.webp 600w, https:\/\/www.strakvlak.nl\/wp-content\/uploads\/2024\/07\/Groene-sector-vakbeurs-strakvlak-2024-300x181.webp 300w\" sizes=\"(max-width: 600px) 100vw, 600px\" \/><\/figure>\n<\/div>\n\n\n\n<div class=\"wp-block-uagb-container uagb-block-27d8f14e\">\n<div class=\"wp-block-group is-layout-constrained wp-block-group-is-layout-constrained\">\n<h2 class=\"wp-block-heading\">De Groene Sector<\/h2>\n\n\n\n<p><strong>\u00c9v\u00e9nement: De Groene Sector 2025<\/strong><\/p>\n\n\n\n<h3 class=\"wp-block-heading\">Strakvlak au salon De Groene Sector 2025<\/h3>\n\n\n\n<p>Le salon De Groene Sector, les 7, 8 et 9 janvier 2025, est le moment incontournable de rencontre et de partage de connaissances pour le secteur du vert. Chaque ann\u00e9e, environ 16 500 professionnels de la branche participent \u00e0 ce salon de trois jours, o\u00f9 plus de 300 exposants sont pr\u00e9sents.<\/p>\n\n\n\n<p><strong>Venez visiter notre stand du 7 au 9 janvier 2025 \u00e0 Hardenberg.<\/strong><\/p>\n\n\n\n<p><strong>Date<\/strong>: 7, 8 et 9 janvier 2025\r\n<strong>Lieu<\/strong>: Evenementenhal Hardenberg<\/p>\n\n\n\n<div class=\"wp-block-buttons is-layout-flex wp-block-buttons-is-layout-flex\">\n<div class=\"wp-block-button\"><a class=\"wp-block-button__link wp-element-button\" href=\"https:\/\/www.groenesector.nl\/\" target=\"_blank\" rel=\"noreferrer noopener\">Visitez le site web<\/a><\/div>\n<\/div>\n<\/div>\n<\/div>\n<\/div><\/div>\n","protected":false},"excerpt":{"rendered":"<p>Agenda des salons Strakvlak Strakvlak participe chaque ann\u00e9e \u00e0 divers salons nationaux et internationaux. Vous trouverez ci-dessous un aper\u00e7u des [&hellip;]<\/p>\n","protected":false},"author":14,"featured_media":0,"parent":0,"menu_order":0,"comment_status":"closed","ping_status":"closed","template":"","meta":{"_acf_changed":false,"_uag_custom_page_level_css":"","site-sidebar-layout":"default","site-content-layout":"","ast-site-content-layout":"default","site-content-style":"default","site-sidebar-style":"default","ast-global-header-display":"","ast-banner-title-visibility":"","ast-main-header-display":"","ast-hfb-above-header-display":"","ast-hfb-below-header-display":"","ast-hfb-mobile-header-display":"","site-post-title":"disabled","ast-breadcrumbs-content":"","ast-featured-img":"","footer-sml-layout":"","ast-disable-related-posts":"","theme-transparent-header-meta":"","adv-header-id-meta":"","stick-header-meta":"","header-above-stick-meta":"","header-main-stick-meta":"","header-below-stick-meta":"","astra-migrate-meta-layouts":"set","ast-page-background-enabled":"default","ast-page-background-meta":{"desktop":{"background-color":"var(--ast-global-color-4)","background-image":"","background-repeat":"repeat","background-position":"center center","background-size":"auto","background-attachment":"scroll","background-type":"","background-media":"","overlay-type":"","overlay-color":"","overlay-opacity":"","overlay-gradient":""},"tablet":{"background-color":"","background-image":"","background-repeat":"repeat","background-position":"center center","background-size":"auto","background-attachment":"scroll","background-type":"","background-media":"","overlay-type":"","overlay-color":"","overlay-opacity":"","overlay-gradient":""},"mobile":{"background-color":"","background-image":"","background-repeat":"repeat","background-position":"center center","background-size":"auto","background-attachment":"scroll","background-type":"","background-media":"","overlay-type":"","overlay-color":"","overlay-opacity":"","overlay-gradient":""}},"ast-content-background-meta":{"desktop":{"background-color":"var(--ast-global-color-5)","background-image":"","background-repeat":"repeat","background-position":"center center","background-size":"auto","background-attachment":"scroll","background-type":"","background-media":"","overlay-type":"","overlay-color":"","overlay-opacity":"","overlay-gradient":""},"tablet":{"background-color":"var(--ast-global-color-5)","background-image":"","background-repeat":"repeat","background-position":"center center","background-size":"auto","background-attachment":"scroll","background-type":"","background-media":"","overlay-type":"","overlay-color":"","overlay-opacity":"","overlay-gradient":""},"mobile":{"background-color":"var(--ast-global-color-5)","background-image":"","background-repeat":"repeat","background-position":"center center","background-size":"auto","background-attachment":"scroll","background-type":"","background-media":"","overlay-type":"","overlay-color":"","overlay-opacity":"","overlay-gradient":""}},"footnotes":""},"class_list":["post-5864","page","type-page","status-publish","hentry"],"acf":[],"yoast_head":"<!-- This site is optimized with the Yoast SEO plugin v27.3 - https:\/\/yoast.com\/product\/yoast-seo-wordpress\/ -->\n<title>Agenda des salons - Strakvlak<\/title>\n<meta name=\"description\" content=\"Agenda des salons de Strakvlak. Venez nous rendre visite lors des prochains \u00e9v\u00e9nements et obtenez toutes les informations dont vous avez besoin.\" \/>\n<meta name=\"robots\" content=\"index, follow, max-snippet:-1, max-image-preview:large, max-video-preview:-1\" \/>\n<link rel=\"canonical\" href=\"https:\/\/www.strakvlak.nl\/fr\/agenda-des-salons\/\" \/>\n<meta property=\"og:locale\" content=\"fr_FR\" \/>\n<meta property=\"og:type\" content=\"article\" \/>\n<meta property=\"og:title\" content=\"Agenda des salons - Strakvlak\" \/>\n<meta property=\"og:description\" content=\"Agenda des salons de Strakvlak. Venez nous rendre visite lors des prochains \u00e9v\u00e9nements et obtenez toutes les informations dont vous avez besoin.\" \/>\n<meta property=\"og:url\" content=\"https:\/\/www.strakvlak.nl\/fr\/agenda-des-salons\/\" \/>\n<meta property=\"og:site_name\" content=\"Strakvlak\" \/>\n<meta property=\"article:modified_time\" content=\"2024-08-15T09:24:46+00:00\" \/>\n<meta property=\"og:image\" content=\"https:\/\/www.strakvlak.nl\/wp-content\/uploads\/2024\/07\/Galabau-2024-Strakvlak.webp\" \/>\n<meta name=\"twitter:card\" content=\"summary_large_image\" \/>\n<meta name=\"twitter:label1\" content=\"Dur\u00e9e de lecture estim\u00e9e\" \/>\n\t<meta name=\"twitter:data1\" content=\"2 minutes\" \/>\n<script type=\"application\/ld+json\" class=\"yoast-schema-graph\">{\"@context\":\"https:\\\/\\\/schema.org\",\"@graph\":[{\"@type\":\"WebPage\",\"@id\":\"https:\\\/\\\/www.strakvlak.nl\\\/fr\\\/agenda-des-salons\\\/\",\"url\":\"https:\\\/\\\/www.strakvlak.nl\\\/fr\\\/agenda-des-salons\\\/\",\"name\":\"Agenda des salons - Strakvlak\",\"isPartOf\":{\"@id\":\"https:\\\/\\\/www.strakvlak.nl\\\/fr\\\/#website\"},\"primaryImageOfPage\":{\"@id\":\"https:\\\/\\\/www.strakvlak.nl\\\/fr\\\/agenda-des-salons\\\/#primaryimage\"},\"image\":{\"@id\":\"https:\\\/\\\/www.strakvlak.nl\\\/fr\\\/agenda-des-salons\\\/#primaryimage\"},\"thumbnailUrl\":\"https:\\\/\\\/www.strakvlak.nl\\\/wp-content\\\/uploads\\\/2024\\\/07\\\/Galabau-2024-Strakvlak.webp\",\"datePublished\":\"2024-08-09T11:57:57+00:00\",\"dateModified\":\"2024-08-15T09:24:46+00:00\",\"description\":\"Agenda des salons de Strakvlak. Venez nous rendre visite lors des prochains \u00e9v\u00e9nements et obtenez toutes les informations dont vous avez besoin.\",\"breadcrumb\":{\"@id\":\"https:\\\/\\\/www.strakvlak.nl\\\/fr\\\/agenda-des-salons\\\/#breadcrumb\"},\"inLanguage\":\"fr-FR\",\"potentialAction\":[{\"@type\":\"ReadAction\",\"target\":[\"https:\\\/\\\/www.strakvlak.nl\\\/fr\\\/agenda-des-salons\\\/\"]}]},{\"@type\":\"ImageObject\",\"inLanguage\":\"fr-FR\",\"@id\":\"https:\\\/\\\/www.strakvlak.nl\\\/fr\\\/agenda-des-salons\\\/#primaryimage\",\"url\":\"https:\\\/\\\/www.strakvlak.nl\\\/wp-content\\\/uploads\\\/2024\\\/07\\\/Galabau-2024-Strakvlak.webp\",\"contentUrl\":\"https:\\\/\\\/www.strakvlak.nl\\\/wp-content\\\/uploads\\\/2024\\\/07\\\/Galabau-2024-Strakvlak.webp\"},{\"@type\":\"BreadcrumbList\",\"@id\":\"https:\\\/\\\/www.strakvlak.nl\\\/fr\\\/agenda-des-salons\\\/#breadcrumb\",\"itemListElement\":[{\"@type\":\"ListItem\",\"position\":1,\"name\":\"Home\",\"item\":\"https:\\\/\\\/www.strakvlak.nl\\\/fr\\\/\"},{\"@type\":\"ListItem\",\"position\":2,\"name\":\"Agenda des salons\"}]},{\"@type\":\"WebSite\",\"@id\":\"https:\\\/\\\/www.strakvlak.nl\\\/fr\\\/#website\",\"url\":\"https:\\\/\\\/www.strakvlak.nl\\\/fr\\\/\",\"name\":\"Strakvlak\",\"description\":\"Egaliseren met gemak!\",\"publisher\":{\"@id\":\"https:\\\/\\\/www.strakvlak.nl\\\/fr\\\/#organization\"},\"potentialAction\":[{\"@type\":\"SearchAction\",\"target\":{\"@type\":\"EntryPoint\",\"urlTemplate\":\"https:\\\/\\\/www.strakvlak.nl\\\/fr\\\/?s={search_term_string}\"},\"query-input\":{\"@type\":\"PropertyValueSpecification\",\"valueRequired\":true,\"valueName\":\"search_term_string\"}}],\"inLanguage\":\"fr-FR\"},{\"@type\":\"Organization\",\"@id\":\"https:\\\/\\\/www.strakvlak.nl\\\/fr\\\/#organization\",\"name\":\"Strakvlak BV\",\"url\":\"https:\\\/\\\/www.strakvlak.nl\\\/fr\\\/\",\"logo\":{\"@type\":\"ImageObject\",\"inLanguage\":\"fr-FR\",\"@id\":\"https:\\\/\\\/www.strakvlak.nl\\\/fr\\\/#\\\/schema\\\/logo\\\/image\\\/\",\"url\":\"https:\\\/\\\/www.strakvlak.nl\\\/wp-content\\\/uploads\\\/2017\\\/08\\\/strakvlak-egaliseerscchuif.png\",\"contentUrl\":\"https:\\\/\\\/www.strakvlak.nl\\\/wp-content\\\/uploads\\\/2017\\\/08\\\/strakvlak-egaliseerscchuif.png\",\"width\":333,\"height\":57,\"caption\":\"Strakvlak BV\"},\"image\":{\"@id\":\"https:\\\/\\\/www.strakvlak.nl\\\/fr\\\/#\\\/schema\\\/logo\\\/image\\\/\"},\"sameAs\":[\"https:\\\/\\\/www.linkedin.com\\\/company\\\/visser-breda\\\/\",\"https:\\\/\\\/www.youtube.com\\\/user\\\/strakvlak39\"]}]}<\/script>\n<!-- \/ Yoast SEO plugin. -->","yoast_head_json":{"title":"Agenda des salons - Strakvlak","description":"Agenda des salons de Strakvlak. Venez nous rendre visite lors des prochains \u00e9v\u00e9nements et obtenez toutes les informations dont vous avez besoin.","robots":{"index":"index","follow":"follow","max-snippet":"max-snippet:-1","max-image-preview":"max-image-preview:large","max-video-preview":"max-video-preview:-1"},"canonical":"https:\/\/www.strakvlak.nl\/fr\/agenda-des-salons\/","og_locale":"fr_FR","og_type":"article","og_title":"Agenda des salons - Strakvlak","og_description":"Agenda des salons de Strakvlak. Venez nous rendre visite lors des prochains \u00e9v\u00e9nements et obtenez toutes les informations dont vous avez besoin.","og_url":"https:\/\/www.strakvlak.nl\/fr\/agenda-des-salons\/","og_site_name":"Strakvlak","article_modified_time":"2024-08-15T09:24:46+00:00","og_image":[{"url":"https:\/\/www.strakvlak.nl\/wp-content\/uploads\/2024\/07\/Galabau-2024-Strakvlak.webp","type":"","width":"","height":""}],"twitter_card":"summary_large_image","twitter_misc":{"Dur\u00e9e de lecture estim\u00e9e":"2 minutes"},"schema":{"@context":"https:\/\/schema.org","@graph":[{"@type":"WebPage","@id":"https:\/\/www.strakvlak.nl\/fr\/agenda-des-salons\/","url":"https:\/\/www.strakvlak.nl\/fr\/agenda-des-salons\/","name":"Agenda des salons - Strakvlak","isPartOf":{"@id":"https:\/\/www.strakvlak.nl\/fr\/#website"},"primaryImageOfPage":{"@id":"https:\/\/www.strakvlak.nl\/fr\/agenda-des-salons\/#primaryimage"},"image":{"@id":"https:\/\/www.strakvlak.nl\/fr\/agenda-des-salons\/#primaryimage"},"thumbnailUrl":"https:\/\/www.strakvlak.nl\/wp-content\/uploads\/2024\/07\/Galabau-2024-Strakvlak.webp","datePublished":"2024-08-09T11:57:57+00:00","dateModified":"2024-08-15T09:24:46+00:00","description":"Agenda des salons de Strakvlak. Venez nous rendre visite lors des prochains \u00e9v\u00e9nements et obtenez toutes les informations dont vous avez besoin.","breadcrumb":{"@id":"https:\/\/www.strakvlak.nl\/fr\/agenda-des-salons\/#breadcrumb"},"inLanguage":"fr-FR","potentialAction":[{"@type":"ReadAction","target":["https:\/\/www.strakvlak.nl\/fr\/agenda-des-salons\/"]}]},{"@type":"ImageObject","inLanguage":"fr-FR","@id":"https:\/\/www.strakvlak.nl\/fr\/agenda-des-salons\/#primaryimage","url":"https:\/\/www.strakvlak.nl\/wp-content\/uploads\/2024\/07\/Galabau-2024-Strakvlak.webp","contentUrl":"https:\/\/www.strakvlak.nl\/wp-content\/uploads\/2024\/07\/Galabau-2024-Strakvlak.webp"},{"@type":"BreadcrumbList","@id":"https:\/\/www.strakvlak.nl\/fr\/agenda-des-salons\/#breadcrumb","itemListElement":[{"@type":"ListItem","position":1,"name":"Home","item":"https:\/\/www.strakvlak.nl\/fr\/"},{"@type":"ListItem","position":2,"name":"Agenda des salons"}]},{"@type":"WebSite","@id":"https:\/\/www.strakvlak.nl\/fr\/#website","url":"https:\/\/www.strakvlak.nl\/fr\/","name":"Strakvlak","description":"Egaliseren met gemak!","publisher":{"@id":"https:\/\/www.strakvlak.nl\/fr\/#organization"},"potentialAction":[{"@type":"SearchAction","target":{"@type":"EntryPoint","urlTemplate":"https:\/\/www.strakvlak.nl\/fr\/?s={search_term_string}"},"query-input":{"@type":"PropertyValueSpecification","valueRequired":true,"valueName":"search_term_string"}}],"inLanguage":"fr-FR"},{"@type":"Organization","@id":"https:\/\/www.strakvlak.nl\/fr\/#organization","name":"Strakvlak BV","url":"https:\/\/www.strakvlak.nl\/fr\/","logo":{"@type":"ImageObject","inLanguage":"fr-FR","@id":"https:\/\/www.strakvlak.nl\/fr\/#\/schema\/logo\/image\/","url":"https:\/\/www.strakvlak.nl\/wp-content\/uploads\/2017\/08\/strakvlak-egaliseerscchuif.png","contentUrl":"https:\/\/www.strakvlak.nl\/wp-content\/uploads\/2017\/08\/strakvlak-egaliseerscchuif.png","width":333,"height":57,"caption":"Strakvlak BV"},"image":{"@id":"https:\/\/www.strakvlak.nl\/fr\/#\/schema\/logo\/image\/"},"sameAs":["https:\/\/www.linkedin.com\/company\/visser-breda\/","https:\/\/www.youtube.com\/user\/strakvlak39"]}]}},"uagb_featured_image_src":{"full":false,"thumbnail":false,"medium":false,"medium_large":false,"large":false,"1536x1536":false,"2048x2048":false,"gform-image-choice-sm":false,"gform-image-choice-md":false,"gform-image-choice-lg":false},"uagb_author_info":{"display_name":"Alex Smits","author_link":"https:\/\/www.strakvlak.nl\/fr\/author\/alexsmits\/"},"uagb_comment_info":0,"uagb_excerpt":"Agenda des salons Strakvlak Strakvlak participe chaque ann\u00e9e \u00e0 divers salons nationaux et internationaux. Vous trouverez ci-dessous un aper\u00e7u des [&hellip;]","_links":{"self":[{"href":"https:\/\/www.strakvlak.nl\/fr\/wp-json\/wp\/v2\/pages\/5864","targetHints":{"allow":["GET"]}}],"collection":[{"href":"https:\/\/www.strakvlak.nl\/fr\/wp-json\/wp\/v2\/pages"}],"about":[{"href":"https:\/\/www.strakvlak.nl\/fr\/wp-json\/wp\/v2\/types\/page"}],"author":[{"embeddable":true,"href":"https:\/\/www.strakvlak.nl\/fr\/wp-json\/wp\/v2\/users\/14"}],"replies":[{"embeddable":true,"href":"https:\/\/www.strakvlak.nl\/fr\/wp-json\/wp\/v2\/comments?post=5864"}],"version-history":[{"count":6,"href":"https:\/\/www.strakvlak.nl\/fr\/wp-json\/wp\/v2\/pages\/5864\/revisions"}],"predecessor-version":[{"id":6123,"href":"https:\/\/www.strakvlak.nl\/fr\/wp-json\/wp\/v2\/pages\/5864\/revisions\/6123"}],"wp:attachment":[{"href":"https:\/\/www.strakvlak.nl\/fr\/wp-json\/wp\/v2\/media?parent=5864"}],"curies":[{"name":"wp","href":"https:\/\/api.w.org\/{rel}","templated":true}]}}